{"id":823,"date":"2022-08-04T01:37:10","date_gmt":"2022-08-04T01:37:10","guid":{"rendered":"https:\/\/fazendabomretiro.com.br\/pousada\/?page_id=823"},"modified":"2024-10-21T21:42:34","modified_gmt":"2024-10-21T21:42:34","slug":"degustacao","status":"publish","type":"page","link":"https:\/\/fazendabomretiro.com.br\/pousada\/degustacao\/","title":{"rendered":"Degusta\u00e7\u00e3o"},"content":{"rendered":"<div class=\"wpb-content-wrapper\"><p>[vc_row css_animation=&#8221;&#8221; row_type=&#8221;row&#8221; use_row_as_full_screen_section=&#8221;no&#8221; type=&#8221;grid&#8221; angled_section=&#8221;no&#8221; text_align=&#8221;left&#8221; background_image_as_pattern=&#8221;without_pattern&#8221; padding_top=&#8221;10&#8243; padding_bottom=&#8221;60&#8243; z_index=&#8221;&#8221; css=&#8221;.vc_custom_1659576627630{padding-top: 80px !important;background-color: #ffffff !important;}&#8221;][vc_column offset=&#8221;vc_col-lg-7 vc_col-md-7&#8243;][vc_column_text]<\/p>\n<h2><span style=\"color: #7b6156;\">Desgusta\u00e7\u00e3o<\/span><\/h2>\n<p>[\/vc_column_text][vc_empty_space height=&#8221;28px&#8221;][vc_column_text css=&#8221;&#8221;]<strong>Visitas e degusta\u00e7\u00f5es<\/strong><\/p>\n<p>&nbsp;<\/p>\n<p><strong>Degusta\u00e7\u00e3o Imersiva<\/strong><br \/>\nUm programa para quem deseja uma imers\u00e3o no mundo do vinho. O passeio come\u00e7a com uma visita aos vinhedos, guiada por um sommelier. Ele conta detalhes sobre o terroir, as variedades plantadas e suas caracter\u00edsticas e depois conduz a visita pela \u00e1rea de produ\u00e7\u00e3o de vinhos, onde ficam tanques de inox e barricas de carvalho. Na sequ\u00eancia, \u00e9 hora da degusta\u00e7\u00e3o com 4 vinhos cl\u00e1ssicos do portf\u00f3lio e pequenas harmoniza\u00e7\u00f5es. Tem dura\u00e7\u00e3o de uma hora e meia.<br \/>\n<strong>Quando: <\/strong>diariamente<strong><br \/>\nHor\u00e1rio:<\/strong>\u00a010h30 e 15h30. Quinta a domingo \u00e0s 12h30<strong><br \/>\nQuanto:<\/strong> R$ 140<\/p>\n<p>&nbsp;<\/p>\n<p><strong>Degusta\u00e7\u00e3o Grandes Entusiastas<br \/>\n<\/strong>A experi\u00eancia ideal para grandes entusiastas e conhecedores do mundo do vinho. Este programa \u00e9 guiado por um sommelier com longa jornada profissional. Ele conta detalhes sobre o terroir, as variedades plantadas e suas caracter\u00edsticas, depois conduz o passeio pela \u00e1rea de produ\u00e7\u00e3o, explicando etapas do processo de produ\u00e7\u00e3o de vinho. O ponto alto \u00e9 a degusta\u00e7\u00e3o de 7 vinhos, incluindo os 4 r\u00f3tulos cl\u00e1ssicos e tr\u00eas que fazem parte da linha premium. A prova dos vinhos ocorre em uma sala exclusiva com vista para as barricas de carvalho. A degusta\u00e7\u00e3o pequenas harmoniza\u00e7\u00f5es e tem dura\u00e7\u00e3o de duas horas.<br \/>\n<strong>Quando: <\/strong>quinta-feira a domingo<strong><br \/>\nHor\u00e1rio: <\/strong>17h<strong><br \/>\nQuanto: <\/strong>R$ 238,00<\/p>\n<p>&nbsp;<\/p>\n<p>Reservas \/ informa\u00e7\u00f5es favor contatar:<br \/>\nWhatsApp: (049) 99986-2743<br \/>\nE-mail: reservas@vinicolathera.com.br[\/vc_column_text][vc_empty_space height=&#8221;35px&#8221;][\/vc_column][vc_column offset=&#8221;vc_col-lg-5 vc_col-md-5 vc_hidden-xs&#8221;][\/vc_column][\/vc_row][vc_row css_animation=&#8221;&#8221; row_type=&#8221;row&#8221; use_row_as_full_screen_section=&#8221;no&#8221; type=&#8221;full_width&#8221; angled_section=&#8221;no&#8221; text_align=&#8221;center&#8221; background_image_as_pattern=&#8221;without_pattern&#8221; padding_top=&#8221;65&#8243; padding_bottom=&#8221;150&#8243; z_index=&#8221;&#8221; css=&#8221;.vc_custom_1658712603987{background-color: #ffffff !important;}&#8221;][vc_column]<div class=\"qode-advanced-image-gallery  qode-aig-carousel-type qode-tiny-space  qode-image-behavior-lightbox \">\n\t<div class=\"qode-aig-slider qode-owl-slider\" data-number-of-items=\"5\" data-enable-loop=\"yes\" data-enable-autoplay=\"yes\" data-slider-speed=\"3000\" data-slider-speed-animation=\"600\" data-slider-padding=\"no\" data-enable-navigation=\"yes\" data-enable-pagination=\"yes\">\n\t\t\t\t\t<div class=\"qode-aig-image\">\n\t\t\t\t\t\t\t\t\t<a itemprop=\"image\" class=\"qode-aig-lightbox qode-block-drag-link\" href=\"https:\/\/fazendabomretiro.com.br\/pousada\/wp-content\/uploads\/2022\/07\/12.jpg\" data-rel=\"prettyPhoto[image_gallery_pretty_photo-330]\" title=\"\">\n\t\t\t\t\t\t\t\t\t<img fetchpriority=\"high\" decoding=\"async\" width=\"800\" height=\"960\" src=\"https:\/\/fazendabomretiro.com.br\/pousada\/wp-content\/uploads\/2022\/07\/12.jpg\" class=\"attachment-full size-full\" alt=\"\" srcset=\"https:\/\/fazendabomretiro.com.br\/pousada\/wp-content\/uploads\/2022\/07\/12.jpg 800w, https:\/\/fazendabomretiro.com.br\/pousada\/wp-content\/uploads\/2022\/07\/12-250x300.jpg 250w, https:\/\/fazendabomretiro.com.br\/pousada\/wp-content\/uploads\/2022\/07\/12-768x922.jpg 768w, https:\/\/fazendabomretiro.com.br\/pousada\/wp-content\/uploads\/2022\/07\/12-700x840.jpg 700w\" sizes=\"(max-width: 800px) 100vw, 800px\" \/>\t\t\t\t\t<span class=\"aig-gallery-hover\">\n\t\t\t\t\t\t\t\t\t\t\t<\/span>\n\t\t\t\t\t\t\t\t\t<\/a>\n\t\t\t\t\t\t\t<\/div>\n\t\t\t\t\t<div class=\"qode-aig-image\">\n\t\t\t\t\t\t\t\t\t<a itemprop=\"image\" class=\"qode-aig-lightbox qode-block-drag-link\" href=\"https:\/\/fazendabomretiro.com.br\/pousada\/wp-content\/uploads\/2022\/07\/4-1.jpg\" data-rel=\"prettyPhoto[image_gallery_pretty_photo-330]\" title=\"4\">\n\t\t\t\t\t\t\t\t\t<img decoding=\"async\" width=\"800\" height=\"960\" src=\"https:\/\/fazendabomretiro.com.br\/pousada\/wp-content\/uploads\/2022\/07\/4-1.jpg\" class=\"attachment-full size-full\" alt=\"\" srcset=\"https:\/\/fazendabomretiro.com.br\/pousada\/wp-content\/uploads\/2022\/07\/4-1.jpg 800w, https:\/\/fazendabomretiro.com.br\/pousada\/wp-content\/uploads\/2022\/07\/4-1-250x300.jpg 250w, https:\/\/fazendabomretiro.com.br\/pousada\/wp-content\/uploads\/2022\/07\/4-1-768x922.jpg 768w, https:\/\/fazendabomretiro.com.br\/pousada\/wp-content\/uploads\/2022\/07\/4-1-700x840.jpg 700w\" sizes=\"(max-width: 800px) 100vw, 800px\" \/>\t\t\t\t\t<span class=\"aig-gallery-hover\">\n\t\t\t\t\t\t\t\t\t\t\t<\/span>\n\t\t\t\t\t\t\t\t\t<\/a>\n\t\t\t\t\t\t\t<\/div>\n\t\t\t\t\t<div class=\"qode-aig-image\">\n\t\t\t\t\t\t\t\t\t<a itemprop=\"image\" class=\"qode-aig-lightbox qode-block-drag-link\" href=\"https:\/\/fazendabomretiro.com.br\/pousada\/wp-content\/uploads\/2022\/07\/7-1.jpg\" data-rel=\"prettyPhoto[image_gallery_pretty_photo-330]\" title=\"7\">\n\t\t\t\t\t\t\t\t\t<img decoding=\"async\" width=\"800\" height=\"960\" src=\"https:\/\/fazendabomretiro.com.br\/pousada\/wp-content\/uploads\/2022\/07\/7-1.jpg\" class=\"attachment-full size-full\" alt=\"\" srcset=\"https:\/\/fazendabomretiro.com.br\/pousada\/wp-content\/uploads\/2022\/07\/7-1.jpg 800w, https:\/\/fazendabomretiro.com.br\/pousada\/wp-content\/uploads\/2022\/07\/7-1-250x300.jpg 250w, https:\/\/fazendabomretiro.com.br\/pousada\/wp-content\/uploads\/2022\/07\/7-1-768x922.jpg 768w, https:\/\/fazendabomretiro.com.br\/pousada\/wp-content\/uploads\/2022\/07\/7-1-700x840.jpg 700w\" sizes=\"(max-width: 800px) 100vw, 800px\" \/>\t\t\t\t\t<span class=\"aig-gallery-hover\">\n\t\t\t\t\t\t\t\t\t\t\t<\/span>\n\t\t\t\t\t\t\t\t\t<\/a>\n\t\t\t\t\t\t\t<\/div>\n\t\t\t\t\t<div class=\"qode-aig-image\">\n\t\t\t\t\t\t\t\t\t<a itemprop=\"image\" class=\"qode-aig-lightbox qode-block-drag-link\" href=\"https:\/\/fazendabomretiro.com.br\/pousada\/wp-content\/uploads\/2022\/08\/1-4.jpg\" data-rel=\"prettyPhoto[image_gallery_pretty_photo-330]\" title=\"\">\n\t\t\t\t\t\t\t\t\t<img loading=\"lazy\" decoding=\"async\" width=\"800\" height=\"960\" src=\"https:\/\/fazendabomretiro.com.br\/pousada\/wp-content\/uploads\/2022\/08\/1-4.jpg\" class=\"attachment-full size-full\" alt=\"\" srcset=\"https:\/\/fazendabomretiro.com.br\/pousada\/wp-content\/uploads\/2022\/08\/1-4.jpg 800w, https:\/\/fazendabomretiro.com.br\/pousada\/wp-content\/uploads\/2022\/08\/1-4-250x300.jpg 250w, https:\/\/fazendabomretiro.com.br\/pousada\/wp-content\/uploads\/2022\/08\/1-4-768x922.jpg 768w, https:\/\/fazendabomretiro.com.br\/pousada\/wp-content\/uploads\/2022\/08\/1-4-700x840.jpg 700w\" sizes=\"(max-width: 800px) 100vw, 800px\" \/>\t\t\t\t\t<span class=\"aig-gallery-hover\">\n\t\t\t\t\t\t\t\t\t\t\t<\/span>\n\t\t\t\t\t\t\t\t\t<\/a>\n\t\t\t\t\t\t\t<\/div>\n\t\t\t\t\t<div class=\"qode-aig-image\">\n\t\t\t\t\t\t\t\t\t<a itemprop=\"image\" class=\"qode-aig-lightbox qode-block-drag-link\" href=\"https:\/\/fazendabomretiro.com.br\/pousada\/wp-content\/uploads\/2022\/07\/6-1.jpg\" data-rel=\"prettyPhoto[image_gallery_pretty_photo-330]\" title=\"6\">\n\t\t\t\t\t\t\t\t\t<img loading=\"lazy\" decoding=\"async\" width=\"800\" height=\"960\" src=\"https:\/\/fazendabomretiro.com.br\/pousada\/wp-content\/uploads\/2022\/07\/6-1.jpg\" class=\"attachment-full size-full\" alt=\"\" srcset=\"https:\/\/fazendabomretiro.com.br\/pousada\/wp-content\/uploads\/2022\/07\/6-1.jpg 800w, https:\/\/fazendabomretiro.com.br\/pousada\/wp-content\/uploads\/2022\/07\/6-1-250x300.jpg 250w, https:\/\/fazendabomretiro.com.br\/pousada\/wp-content\/uploads\/2022\/07\/6-1-768x922.jpg 768w, https:\/\/fazendabomretiro.com.br\/pousada\/wp-content\/uploads\/2022\/07\/6-1-700x840.jpg 700w\" sizes=\"(max-width: 800px) 100vw, 800px\" \/>\t\t\t\t\t<span class=\"aig-gallery-hover\">\n\t\t\t\t\t\t\t\t\t\t\t<\/span>\n\t\t\t\t\t\t\t\t\t<\/a>\n\t\t\t\t\t\t\t<\/div>\n\t\t\t\t\t<div class=\"qode-aig-image\">\n\t\t\t\t\t\t\t\t\t<a itemprop=\"image\" class=\"qode-aig-lightbox qode-block-drag-link\" href=\"https:\/\/fazendabomretiro.com.br\/pousada\/wp-content\/uploads\/2022\/08\/4-3.jpg\" data-rel=\"prettyPhoto[image_gallery_pretty_photo-330]\" title=\"\">\n\t\t\t\t\t\t\t\t\t<img loading=\"lazy\" decoding=\"async\" width=\"800\" height=\"960\" src=\"https:\/\/fazendabomretiro.com.br\/pousada\/wp-content\/uploads\/2022\/08\/4-3.jpg\" class=\"attachment-full size-full\" alt=\"\" srcset=\"https:\/\/fazendabomretiro.com.br\/pousada\/wp-content\/uploads\/2022\/08\/4-3.jpg 800w, https:\/\/fazendabomretiro.com.br\/pousada\/wp-content\/uploads\/2022\/08\/4-3-250x300.jpg 250w, https:\/\/fazendabomretiro.com.br\/pousada\/wp-content\/uploads\/2022\/08\/4-3-768x922.jpg 768w, https:\/\/fazendabomretiro.com.br\/pousada\/wp-content\/uploads\/2022\/08\/4-3-700x840.jpg 700w\" sizes=\"(max-width: 800px) 100vw, 800px\" \/>\t\t\t\t\t<span class=\"aig-gallery-hover\">\n\t\t\t\t\t\t\t\t\t\t\t<\/span>\n\t\t\t\t\t\t\t\t\t<\/a>\n\t\t\t\t\t\t\t<\/div>\n\t\t\t\t\t<div class=\"qode-aig-image\">\n\t\t\t\t\t\t\t\t\t<a itemprop=\"image\" class=\"qode-aig-lightbox qode-block-drag-link\" href=\"https:\/\/fazendabomretiro.com.br\/pousada\/wp-content\/uploads\/2022\/07\/5-1.jpg\" data-rel=\"prettyPhoto[image_gallery_pretty_photo-330]\" title=\"5\">\n\t\t\t\t\t\t\t\t\t<img loading=\"lazy\" decoding=\"async\" width=\"800\" height=\"960\" src=\"https:\/\/fazendabomretiro.com.br\/pousada\/wp-content\/uploads\/2022\/07\/5-1.jpg\" class=\"attachment-full size-full\" alt=\"\" srcset=\"https:\/\/fazendabomretiro.com.br\/pousada\/wp-content\/uploads\/2022\/07\/5-1.jpg 800w, https:\/\/fazendabomretiro.com.br\/pousada\/wp-content\/uploads\/2022\/07\/5-1-250x300.jpg 250w, https:\/\/fazendabomretiro.com.br\/pousada\/wp-content\/uploads\/2022\/07\/5-1-768x922.jpg 768w, https:\/\/fazendabomretiro.com.br\/pousada\/wp-content\/uploads\/2022\/07\/5-1-700x840.jpg 700w\" sizes=\"(max-width: 800px) 100vw, 800px\" \/>\t\t\t\t\t<span class=\"aig-gallery-hover\">\n\t\t\t\t\t\t\t\t\t\t\t<\/span>\n\t\t\t\t\t\t\t\t\t<\/a>\n\t\t\t\t\t\t\t<\/div>\n\t\t\t\t\t<div class=\"qode-aig-image\">\n\t\t\t\t\t\t\t\t\t<a itemprop=\"image\" class=\"qode-aig-lightbox qode-block-drag-link\" href=\"https:\/\/fazendabomretiro.com.br\/pousada\/wp-content\/uploads\/2022\/08\/2-3.jpg\" data-rel=\"prettyPhoto[image_gallery_pretty_photo-330]\" title=\"\">\n\t\t\t\t\t\t\t\t\t<img loading=\"lazy\" decoding=\"async\" width=\"800\" height=\"960\" src=\"https:\/\/fazendabomretiro.com.br\/pousada\/wp-content\/uploads\/2022\/08\/2-3.jpg\" class=\"attachment-full size-full\" alt=\"\" srcset=\"https:\/\/fazendabomretiro.com.br\/pousada\/wp-content\/uploads\/2022\/08\/2-3.jpg 800w, https:\/\/fazendabomretiro.com.br\/pousada\/wp-content\/uploads\/2022\/08\/2-3-250x300.jpg 250w, https:\/\/fazendabomretiro.com.br\/pousada\/wp-content\/uploads\/2022\/08\/2-3-768x922.jpg 768w, https:\/\/fazendabomretiro.com.br\/pousada\/wp-content\/uploads\/2022\/08\/2-3-700x840.jpg 700w\" sizes=\"(max-width: 800px) 100vw, 800px\" \/>\t\t\t\t\t<span class=\"aig-gallery-hover\">\n\t\t\t\t\t\t\t\t\t\t\t<\/span>\n\t\t\t\t\t\t\t\t\t<\/a>\n\t\t\t\t\t\t\t<\/div>\n\t\t\t\t\t<div class=\"qode-aig-image\">\n\t\t\t\t\t\t\t\t\t<a itemprop=\"image\" class=\"qode-aig-lightbox qode-block-drag-link\" href=\"https:\/\/fazendabomretiro.com.br\/pousada\/wp-content\/uploads\/2022\/08\/3-4.jpg\" data-rel=\"prettyPhoto[image_gallery_pretty_photo-330]\" title=\"\">\n\t\t\t\t\t\t\t\t\t<img loading=\"lazy\" decoding=\"async\" width=\"800\" height=\"960\" src=\"https:\/\/fazendabomretiro.com.br\/pousada\/wp-content\/uploads\/2022\/08\/3-4.jpg\" class=\"attachment-full size-full\" alt=\"\" srcset=\"https:\/\/fazendabomretiro.com.br\/pousada\/wp-content\/uploads\/2022\/08\/3-4.jpg 800w, https:\/\/fazendabomretiro.com.br\/pousada\/wp-content\/uploads\/2022\/08\/3-4-250x300.jpg 250w, https:\/\/fazendabomretiro.com.br\/pousada\/wp-content\/uploads\/2022\/08\/3-4-768x922.jpg 768w, https:\/\/fazendabomretiro.com.br\/pousada\/wp-content\/uploads\/2022\/08\/3-4-700x840.jpg 700w\" sizes=\"(max-width: 800px) 100vw, 800px\" \/>\t\t\t\t\t<span class=\"aig-gallery-hover\">\n\t\t\t\t\t\t\t\t\t\t\t<\/span>\n\t\t\t\t\t\t\t\t\t<\/a>\n\t\t\t\t\t\t\t<\/div>\n\t\t\t<\/div>\n<\/div>[\/vc_column][\/vc_row]<\/p>\n<\/div>","protected":false},"excerpt":{"rendered":"<p>[vc_row css_animation=&#8221;&#8221; row_type=&#8221;row&#8221; use_row_as_full_screen_section=&#8221;no&#8221; type=&#8221;grid&#8221; angled_section=&#8221;no&#8221; text_align=&#8221;left&#8221; background_image_as_pattern=&#8221;without_pattern&#8221; padding_top=&#8221;10&#8243; padding_bottom=&#8221;60&#8243; z_index=&#8221;&#8221; css=&#8221;.vc_custom_1659576627630{padding-top: 80px !important;background-color: #ffffff !important;}&#8221;][vc_column offset=&#8221;vc_col-lg-7 vc_col-md-7&#8243;][vc_column_text] Desgusta\u00e7\u00e3o [\/vc_column_text][vc_empty_space height=&#8221;28px&#8221;][vc_column_text css=&#8221;&#8221;]Visitas e degusta\u00e7\u00f5es &nbsp; Degusta\u00e7\u00e3o Imersiva Um programa para quem deseja uma imers\u00e3o no mundo do vinho. O passeio come\u00e7a com uma visita aos&#8230;<\/p>\n","protected":false},"author":1,"featured_media":0,"parent":0,"menu_order":0,"comment_status":"closed","ping_status":"closed","template":"full_width.php","meta":{"footnotes":""},"class_list":["post-823","page","type-page","status-publish","hentry"],"_links":{"self":[{"href":"https:\/\/fazendabomretiro.com.br\/pousada\/wp-json\/wp\/v2\/pages\/823","targetHints":{"allow":["GET"]}}],"collection":[{"href":"https:\/\/fazendabomretiro.com.br\/pousada\/wp-json\/wp\/v2\/pages"}],"about":[{"href":"https:\/\/fazendabomretiro.com.br\/pousada\/wp-json\/wp\/v2\/types\/page"}],"author":[{"embeddable":true,"href":"https:\/\/fazendabomretiro.com.br\/pousada\/wp-json\/wp\/v2\/users\/1"}],"replies":[{"embeddable":true,"href":"https:\/\/fazendabomretiro.com.br\/pousada\/wp-json\/wp\/v2\/comments?post=823"}],"version-history":[{"count":12,"href":"https:\/\/fazendabomretiro.com.br\/pousada\/wp-json\/wp\/v2\/pages\/823\/revisions"}],"predecessor-version":[{"id":1146,"href":"https:\/\/fazendabomretiro.com.br\/pousada\/wp-json\/wp\/v2\/pages\/823\/revisions\/1146"}],"wp:attachment":[{"href":"https:\/\/fazendabomretiro.com.br\/pousada\/wp-json\/wp\/v2\/media?parent=823"}],"curies":[{"name":"wp","href":"https:\/\/api.w.org\/{rel}","templated":true}]}}