{"id":820,"date":"2022-08-04T01:36:17","date_gmt":"2022-08-04T01:36:17","guid":{"rendered":"https:\/\/fazendabomretiro.com.br\/pousada\/?page_id=820"},"modified":"2024-03-07T14:28:21","modified_gmt":"2024-03-07T14:28:21","slug":"piquenique","status":"publish","type":"page","link":"https:\/\/fazendabomretiro.com.br\/pousada\/piquenique\/","title":{"rendered":"Piquenique"},"content":{"rendered":"<div class=\"wpb-content-wrapper\"><p>[vc_row css_animation=&#8221;&#8221; row_type=&#8221;row&#8221; use_row_as_full_screen_section=&#8221;no&#8221; type=&#8221;grid&#8221; angled_section=&#8221;no&#8221; text_align=&#8221;left&#8221; background_image_as_pattern=&#8221;without_pattern&#8221; padding_top=&#8221;10&#8243; padding_bottom=&#8221;60&#8243; z_index=&#8221;&#8221; css=&#8221;.vc_custom_1659576627630{padding-top: 80px !important;background-color: #ffffff !important;}&#8221;][vc_column offset=&#8221;vc_col-lg-7 vc_col-md-7&#8243;][vc_column_text]<\/p>\n<h2><span style=\"color: #7b6156;\">Piquenique<\/span><\/h2>\n<p>[\/vc_column_text][vc_empty_space height=&#8221;28px&#8221;][vc_column_text]O por do sol na Pousada Fazenda Bom Retiro \u00e9 algo indescrit\u00edvel. Nosso local escolhido para o pique-nique \u00e9 o cen\u00e1rio perfeito para apreciar este espet\u00e1culo da natureza em meio as arauc\u00e1rias, vinhedos, revoada de aves com um clima bastante agrad\u00e1vel. Melhor que isso \u00e9 poder degustar nossos vinhos premiados da Vin\u00edcola Thera harmonizados com as op\u00e7\u00f5es de cestas e t\u00e1buas dispon\u00edveis preparadas com muito carinho com produtos regionais.<\/p>\n<p>&nbsp;<\/p>\n<p>Fa\u00e7a sua reserva.<\/p>\n<p>Valor: R$ 422,00 por casal<\/p>\n<p>&nbsp;<\/p>\n<p>T\u00e1bua de frios e frutas, uma garrafa de vinho (Espumante Anima Brut, Thera Sol Ros\u00e9 ou Thera Sauvignon Blanc) e duas garrafas de \u00e1gua mineral.[\/vc_column_text][vc_empty_space height=&#8221;35px&#8221;][\/vc_column][vc_column offset=&#8221;vc_col-lg-5 vc_col-md-5 vc_hidden-xs&#8221;][\/vc_column][\/vc_row][vc_row css_animation=&#8221;&#8221; row_type=&#8221;row&#8221; use_row_as_full_screen_section=&#8221;no&#8221; type=&#8221;full_width&#8221; angled_section=&#8221;no&#8221; text_align=&#8221;center&#8221; background_image_as_pattern=&#8221;without_pattern&#8221; padding_top=&#8221;65&#8243; padding_bottom=&#8221;150&#8243; z_index=&#8221;&#8221; css=&#8221;.vc_custom_1658712603987{background-color: #ffffff !important;}&#8221;][vc_column]<div class=\"qode-advanced-image-gallery  qode-aig-carousel-type qode-tiny-space  qode-image-behavior-lightbox \">\n\t<div class=\"qode-aig-slider qode-owl-slider\" data-number-of-items=\"5\" data-enable-loop=\"yes\" data-enable-autoplay=\"yes\" data-slider-speed=\"3000\" data-slider-speed-animation=\"600\" data-slider-padding=\"no\" data-enable-navigation=\"yes\" data-enable-pagination=\"yes\">\n\t\t\t\t\t<div class=\"qode-aig-image\">\n\t\t\t\t\t\t\t\t\t<a itemprop=\"image\" class=\"qode-aig-lightbox qode-block-drag-link\" href=\"https:\/\/fazendabomretiro.com.br\/pousada\/wp-content\/uploads\/2022\/07\/2-1.jpg\" data-rel=\"prettyPhoto[image_gallery_pretty_photo-841]\" title=\"\">\n\t\t\t\t\t\t\t\t\t<img fetchpriority=\"high\" decoding=\"async\" width=\"800\" height=\"960\" src=\"https:\/\/fazendabomretiro.com.br\/pousada\/wp-content\/uploads\/2022\/07\/2-1.jpg\" class=\"attachment-full size-full\" alt=\"\" srcset=\"https:\/\/fazendabomretiro.com.br\/pousada\/wp-content\/uploads\/2022\/07\/2-1.jpg 800w, https:\/\/fazendabomretiro.com.br\/pousada\/wp-content\/uploads\/2022\/07\/2-1-250x300.jpg 250w, https:\/\/fazendabomretiro.com.br\/pousada\/wp-content\/uploads\/2022\/07\/2-1-768x922.jpg 768w, https:\/\/fazendabomretiro.com.br\/pousada\/wp-content\/uploads\/2022\/07\/2-1-700x840.jpg 700w\" sizes=\"(max-width: 800px) 100vw, 800px\" \/>\t\t\t\t\t<span class=\"aig-gallery-hover\">\n\t\t\t\t\t\t\t\t\t\t\t<\/span>\n\t\t\t\t\t\t\t\t\t<\/a>\n\t\t\t\t\t\t\t<\/div>\n\t\t\t\t\t<div class=\"qode-aig-image\">\n\t\t\t\t\t\t\t\t\t<a itemprop=\"image\" class=\"qode-aig-lightbox qode-block-drag-link\" href=\"https:\/\/fazendabomretiro.com.br\/pousada\/wp-content\/uploads\/2022\/07\/3-1.jpg\" data-rel=\"prettyPhoto[image_gallery_pretty_photo-841]\" title=\"\">\n\t\t\t\t\t\t\t\t\t<img decoding=\"async\" width=\"800\" height=\"960\" src=\"https:\/\/fazendabomretiro.com.br\/pousada\/wp-content\/uploads\/2022\/07\/3-1.jpg\" class=\"attachment-full size-full\" alt=\"\" srcset=\"https:\/\/fazendabomretiro.com.br\/pousada\/wp-content\/uploads\/2022\/07\/3-1.jpg 800w, https:\/\/fazendabomretiro.com.br\/pousada\/wp-content\/uploads\/2022\/07\/3-1-250x300.jpg 250w, https:\/\/fazendabomretiro.com.br\/pousada\/wp-content\/uploads\/2022\/07\/3-1-768x922.jpg 768w, https:\/\/fazendabomretiro.com.br\/pousada\/wp-content\/uploads\/2022\/07\/3-1-700x840.jpg 700w\" sizes=\"(max-width: 800px) 100vw, 800px\" \/>\t\t\t\t\t<span class=\"aig-gallery-hover\">\n\t\t\t\t\t\t\t\t\t\t\t<\/span>\n\t\t\t\t\t\t\t\t\t<\/a>\n\t\t\t\t\t\t\t<\/div>\n\t\t\t\t\t<div class=\"qode-aig-image\">\n\t\t\t\t\t\t\t\t\t<a itemprop=\"image\" class=\"qode-aig-lightbox qode-block-drag-link\" href=\"https:\/\/fazendabomretiro.com.br\/pousada\/wp-content\/uploads\/2022\/07\/1-1.jpg\" data-rel=\"prettyPhoto[image_gallery_pretty_photo-841]\" title=\"\">\n\t\t\t\t\t\t\t\t\t<img decoding=\"async\" width=\"800\" height=\"960\" src=\"https:\/\/fazendabomretiro.com.br\/pousada\/wp-content\/uploads\/2022\/07\/1-1.jpg\" class=\"attachment-full size-full\" alt=\"\" srcset=\"https:\/\/fazendabomretiro.com.br\/pousada\/wp-content\/uploads\/2022\/07\/1-1.jpg 800w, https:\/\/fazendabomretiro.com.br\/pousada\/wp-content\/uploads\/2022\/07\/1-1-250x300.jpg 250w, https:\/\/fazendabomretiro.com.br\/pousada\/wp-content\/uploads\/2022\/07\/1-1-768x922.jpg 768w, https:\/\/fazendabomretiro.com.br\/pousada\/wp-content\/uploads\/2022\/07\/1-1-700x840.jpg 700w\" sizes=\"(max-width: 800px) 100vw, 800px\" \/>\t\t\t\t\t<span class=\"aig-gallery-hover\">\n\t\t\t\t\t\t\t\t\t\t\t<\/span>\n\t\t\t\t\t\t\t\t\t<\/a>\n\t\t\t\t\t\t\t<\/div>\n\t\t\t\t\t<div class=\"qode-aig-image\">\n\t\t\t\t\t\t\t\t\t<a itemprop=\"image\" class=\"qode-aig-lightbox qode-block-drag-link\" href=\"https:\/\/fazendabomretiro.com.br\/pousada\/wp-content\/uploads\/2022\/08\/1-3.jpg\" data-rel=\"prettyPhoto[image_gallery_pretty_photo-841]\" title=\"1\">\n\t\t\t\t\t\t\t\t\t<img loading=\"lazy\" decoding=\"async\" width=\"800\" height=\"960\" src=\"https:\/\/fazendabomretiro.com.br\/pousada\/wp-content\/uploads\/2022\/08\/1-3.jpg\" class=\"attachment-full size-full\" alt=\"\" srcset=\"https:\/\/fazendabomretiro.com.br\/pousada\/wp-content\/uploads\/2022\/08\/1-3.jpg 800w, https:\/\/fazendabomretiro.com.br\/pousada\/wp-content\/uploads\/2022\/08\/1-3-250x300.jpg 250w, https:\/\/fazendabomretiro.com.br\/pousada\/wp-content\/uploads\/2022\/08\/1-3-768x922.jpg 768w, https:\/\/fazendabomretiro.com.br\/pousada\/wp-content\/uploads\/2022\/08\/1-3-700x840.jpg 700w\" sizes=\"(max-width: 800px) 100vw, 800px\" \/>\t\t\t\t\t<span class=\"aig-gallery-hover\">\n\t\t\t\t\t\t\t\t\t\t\t<\/span>\n\t\t\t\t\t\t\t\t\t<\/a>\n\t\t\t\t\t\t\t<\/div>\n\t\t\t\t\t<div class=\"qode-aig-image\">\n\t\t\t\t\t\t\t\t\t<a itemprop=\"image\" class=\"qode-aig-lightbox qode-block-drag-link\" href=\"https:\/\/fazendabomretiro.com.br\/pousada\/wp-content\/uploads\/2022\/08\/2-2.jpg\" data-rel=\"prettyPhoto[image_gallery_pretty_photo-841]\" title=\"2\">\n\t\t\t\t\t\t\t\t\t<img loading=\"lazy\" decoding=\"async\" width=\"800\" height=\"960\" src=\"https:\/\/fazendabomretiro.com.br\/pousada\/wp-content\/uploads\/2022\/08\/2-2.jpg\" class=\"attachment-full size-full\" alt=\"\" srcset=\"https:\/\/fazendabomretiro.com.br\/pousada\/wp-content\/uploads\/2022\/08\/2-2.jpg 800w, https:\/\/fazendabomretiro.com.br\/pousada\/wp-content\/uploads\/2022\/08\/2-2-250x300.jpg 250w, https:\/\/fazendabomretiro.com.br\/pousada\/wp-content\/uploads\/2022\/08\/2-2-768x922.jpg 768w, https:\/\/fazendabomretiro.com.br\/pousada\/wp-content\/uploads\/2022\/08\/2-2-700x840.jpg 700w\" sizes=\"(max-width: 800px) 100vw, 800px\" \/>\t\t\t\t\t<span class=\"aig-gallery-hover\">\n\t\t\t\t\t\t\t\t\t\t\t<\/span>\n\t\t\t\t\t\t\t\t\t<\/a>\n\t\t\t\t\t\t\t<\/div>\n\t\t\t\t\t<div class=\"qode-aig-image\">\n\t\t\t\t\t\t\t\t\t<a itemprop=\"image\" class=\"qode-aig-lightbox qode-block-drag-link\" href=\"https:\/\/fazendabomretiro.com.br\/pousada\/wp-content\/uploads\/2022\/08\/3-3.jpg\" data-rel=\"prettyPhoto[image_gallery_pretty_photo-841]\" title=\"3\">\n\t\t\t\t\t\t\t\t\t<img loading=\"lazy\" decoding=\"async\" width=\"800\" height=\"960\" src=\"https:\/\/fazendabomretiro.com.br\/pousada\/wp-content\/uploads\/2022\/08\/3-3.jpg\" class=\"attachment-full size-full\" alt=\"\" srcset=\"https:\/\/fazendabomretiro.com.br\/pousada\/wp-content\/uploads\/2022\/08\/3-3.jpg 800w, https:\/\/fazendabomretiro.com.br\/pousada\/wp-content\/uploads\/2022\/08\/3-3-250x300.jpg 250w, https:\/\/fazendabomretiro.com.br\/pousada\/wp-content\/uploads\/2022\/08\/3-3-768x922.jpg 768w, https:\/\/fazendabomretiro.com.br\/pousada\/wp-content\/uploads\/2022\/08\/3-3-700x840.jpg 700w\" sizes=\"(max-width: 800px) 100vw, 800px\" \/>\t\t\t\t\t<span class=\"aig-gallery-hover\">\n\t\t\t\t\t\t\t\t\t\t\t<\/span>\n\t\t\t\t\t\t\t\t\t<\/a>\n\t\t\t\t\t\t\t<\/div>\n\t\t\t\t\t<div class=\"qode-aig-image\">\n\t\t\t\t\t\t\t\t\t<a itemprop=\"image\" class=\"qode-aig-lightbox qode-block-drag-link\" href=\"https:\/\/fazendabomretiro.com.br\/pousada\/wp-content\/uploads\/2022\/08\/4-2.jpg\" data-rel=\"prettyPhoto[image_gallery_pretty_photo-841]\" title=\"\">\n\t\t\t\t\t\t\t\t\t<img loading=\"lazy\" decoding=\"async\" width=\"800\" height=\"960\" src=\"https:\/\/fazendabomretiro.com.br\/pousada\/wp-content\/uploads\/2022\/08\/4-2.jpg\" class=\"attachment-full size-full\" alt=\"\" srcset=\"https:\/\/fazendabomretiro.com.br\/pousada\/wp-content\/uploads\/2022\/08\/4-2.jpg 800w, https:\/\/fazendabomretiro.com.br\/pousada\/wp-content\/uploads\/2022\/08\/4-2-250x300.jpg 250w, https:\/\/fazendabomretiro.com.br\/pousada\/wp-content\/uploads\/2022\/08\/4-2-768x922.jpg 768w, https:\/\/fazendabomretiro.com.br\/pousada\/wp-content\/uploads\/2022\/08\/4-2-700x840.jpg 700w\" sizes=\"(max-width: 800px) 100vw, 800px\" \/>\t\t\t\t\t<span class=\"aig-gallery-hover\">\n\t\t\t\t\t\t\t\t\t\t\t<\/span>\n\t\t\t\t\t\t\t\t\t<\/a>\n\t\t\t\t\t\t\t<\/div>\n\t\t\t<\/div>\n<\/div>[\/vc_column][\/vc_row]<\/p>\n<\/div>","protected":false},"excerpt":{"rendered":"<p>[vc_row css_animation=&#8221;&#8221; row_type=&#8221;row&#8221; use_row_as_full_screen_section=&#8221;no&#8221; type=&#8221;grid&#8221; angled_section=&#8221;no&#8221; text_align=&#8221;left&#8221; background_image_as_pattern=&#8221;without_pattern&#8221; padding_top=&#8221;10&#8243; padding_bottom=&#8221;60&#8243; z_index=&#8221;&#8221; css=&#8221;.vc_custom_1659576627630{padding-top: 80px !important;background-color: #ffffff !important;}&#8221;][vc_column offset=&#8221;vc_col-lg-7 vc_col-md-7&#8243;][vc_column_text] Piquenique [\/vc_column_text][vc_empty_space height=&#8221;28px&#8221;][vc_column_text]O por do sol na Pousada Fazenda Bom Retiro \u00e9 algo indescrit\u00edvel. Nosso local escolhido para o pique-nique \u00e9 o cen\u00e1rio perfeito para apreciar este&#8230;<\/p>\n","protected":false},"author":1,"featured_media":0,"parent":0,"menu_order":0,"comment_status":"closed","ping_status":"closed","template":"full_width.php","meta":{"footnotes":""},"class_list":["post-820","page","type-page","status-publish","hentry"],"_links":{"self":[{"href":"https:\/\/fazendabomretiro.com.br\/pousada\/wp-json\/wp\/v2\/pages\/820","targetHints":{"allow":["GET"]}}],"collection":[{"href":"https:\/\/fazendabomretiro.com.br\/pousada\/wp-json\/wp\/v2\/pages"}],"about":[{"href":"https:\/\/fazendabomretiro.com.br\/pousada\/wp-json\/wp\/v2\/types\/page"}],"author":[{"embeddable":true,"href":"https:\/\/fazendabomretiro.com.br\/pousada\/wp-json\/wp\/v2\/users\/1"}],"replies":[{"embeddable":true,"href":"https:\/\/fazendabomretiro.com.br\/pousada\/wp-json\/wp\/v2\/comments?post=820"}],"version-history":[{"count":12,"href":"https:\/\/fazendabomretiro.com.br\/pousada\/wp-json\/wp\/v2\/pages\/820\/revisions"}],"predecessor-version":[{"id":1140,"href":"https:\/\/fazendabomretiro.com.br\/pousada\/wp-json\/wp\/v2\/pages\/820\/revisions\/1140"}],"wp:attachment":[{"href":"https:\/\/fazendabomretiro.com.br\/pousada\/wp-json\/wp\/v2\/media?parent=820"}],"curies":[{"name":"wp","href":"https:\/\/api.w.org\/{rel}","templated":true}]}}